{"id":469,"date":"2013-05-13T12:23:10","date_gmt":"2013-05-13T10:23:10","guid":{"rendered":"http:\/\/www.jenninger.se\/?page_id=469"},"modified":"2022-12-04T12:59:04","modified_gmt":"2022-12-04T11:59:04","slug":"mobbning","status":"publish","type":"page","link":"https:\/\/jenninger.se\/?page_id=469","title":{"rendered":"Psykisk oh\u00e4lsa"},"content":{"rendered":"\n<p><\/p>\n\n\n\n<p>Psykisk oh\u00e4lsa, att man &#8221;inte m\u00e5r bra&#8221; inneb\u00e4r mycket mellan att man inte orka fungera som vanligt och att vara i behov av att vara ensam eller  beh\u00f6ver tala med n\u00e5gon om n\u00e5got som h\u00e4nt. Men det \u00e4r inte detsamma som att man \u00e4r sjuk, i behov av v\u00e5rd. Ofta kan det r\u00e4cka d\u00e5 med n\u00e5gon vuxen som fr\u00e5gar:-Hur m\u00e5r du? Jag ser att du \u00e4r lite dyster. Har det h\u00e4nt n\u00e5got?<\/p>\n\n\n\n<p>Det \u00e4r om man inte m\u00e5r bra under en l\u00e4ngre tid eller inte kommer ur det som hindrar att man m\u00e5r bra igen som det kan det utvecklas till till exempel en depression. D\u00e4rf\u00f6r \u00e4r det av allra st\u00f6rsta vikt att observera den som inte m\u00e5r bra s\u00e5 tidigt som m\u00f6jligt. <\/p>\n\n\n\n<p>Redan i f\u00f6rskolan och skolan \u00e4r v\u00e5ra unga omgivna av vuxna som noterar avvikande beteenden, ut\u00e5tageranden, barn som isolerar sig, aggressivitet, h\u00e4rskartekniker, ensamhet etc.  Men vart v\u00e4nder man sig som l\u00e4rare med sin oro f\u00f6r sin elev?<\/p>\n\n\n\n<h4 class=\"wp-block-heading\"><strong>Det borde vara en sj\u00e4lvklarhet att varje skola har sitt fokus p\u00e5 att ett barn omedelbart f\u00e5r hj\u00e4lp med sin personliga utveckling, som det st\u00e5r i skollagen. L\u00e5ngt innan det leder till stora l\u00e5ngdragna utredningar. Skola och v\u00e5rdnadshavare m\u00e5ste arbeta upp ett f\u00f6rtroende och samarbete kring varje barn.<\/strong><\/h4>\n\n\n\n<h2 class=\"wp-block-heading\">Det finns redan skolor som arbetar s\u00e5. Varf\u00f6r inte alla ?<\/h2>\n","protected":false},"excerpt":{"rendered":"<p>Psykisk oh\u00e4lsa, att man &#8221;inte m\u00e5r bra&#8221; inneb\u00e4r mycket mellan att man inte orka fungera som vanligt och att vara i behov av att vara ensam eller beh\u00f6ver tala med n\u00e5gon om n\u00e5got som h\u00e4nt. Men det \u00e4r inte detsamma som att man \u00e4r sjuk, i behov av v\u00e5rd. Ofta kan det r\u00e4cka d\u00e5 med [&hellip;]<\/p>\n","protected":false},"author":1,"featured_media":0,"parent":0,"menu_order":0,"comment_status":"closed","ping_status":"open","template":"onecolumn-page.php","meta":{"_themeisle_gutenberg_block_has_review":false,"footnotes":""},"class_list":["post-469","page","type-page","status-publish","hentry"],"_links":{"self":[{"href":"https:\/\/jenninger.se\/index.php?rest_route=\/wp\/v2\/pages\/469","targetHints":{"allow":["GET"]}}],"collection":[{"href":"https:\/\/jenninger.se\/index.php?rest_route=\/wp\/v2\/pages"}],"about":[{"href":"https:\/\/jenninger.se\/index.php?rest_route=\/wp\/v2\/types\/page"}],"author":[{"embeddable":true,"href":"https:\/\/jenninger.se\/index.php?rest_route=\/wp\/v2\/users\/1"}],"replies":[{"embeddable":true,"href":"https:\/\/jenninger.se\/index.php?rest_route=%2Fwp%2Fv2%2Fcomments&post=469"}],"version-history":[{"count":10,"href":"https:\/\/jenninger.se\/index.php?rest_route=\/wp\/v2\/pages\/469\/revisions"}],"predecessor-version":[{"id":1897,"href":"https:\/\/jenninger.se\/index.php?rest_route=\/wp\/v2\/pages\/469\/revisions\/1897"}],"wp:attachment":[{"href":"https:\/\/jenninger.se\/index.php?rest_route=%2Fwp%2Fv2%2Fmedia&parent=469"}],"curies":[{"name":"wp","href":"https:\/\/api.w.org\/{rel}","templated":true}]}}